{"id":458,"date":"2021-04-26T17:54:13","date_gmt":"2021-04-26T17:54:13","guid":{"rendered":"https:\/\/dev.jf-alferce.pt\/?page_id=458"},"modified":"2021-04-29T18:14:08","modified_gmt":"2021-04-29T18:14:08","slug":"destaques","status":"publish","type":"page","link":"https:\/\/jf-alferce.pt\/?page_id=458","title":{"rendered":"Destaques"},"content":{"rendered":"\t\t<div data-elementor-type=\"wp-page\" data-elementor-id=\"458\" class=\"elementor elementor-458\" data-elementor-post-type=\"page\">\n\t\t\t\t\t\t<section class=\"elementor-section elementor-top-section elementor-element elementor-element-571336d elementor-section-boxed elementor-section-height-default elementor-section-height-default\" data-id=\"571336d\" data-element_type=\"section\" data-settings=\"{&quot;jet_parallax_layout_list&quot;:[{&quot;jet_parallax_layout_image&quot;:{&quot;url&quot;:&quot;&quot;,&quot;id&quot;:&quot;&quot;,&quot;size&quot;:&quot;&quot;},&quot;_id&quot;:&quot;c3ace72&quot;,&quot;jet_parallax_layout_image_tablet&quot;:{&quot;url&quot;:&quot;&quot;,&quot;id&quot;:&quot;&quot;,&quot;size&quot;:&quot;&quot;},&quot;jet_parallax_layout_image_mobile&quot;:{&quot;url&quot;:&quot;&quot;,&quot;id&quot;:&quot;&quot;,&quot;size&quot;:&quot;&quot;},&quot;jet_parallax_layout_speed&quot;:{&quot;unit&quot;:&quot;%&quot;,&quot;size&quot;:50,&quot;sizes&quot;:[]},&quot;jet_parallax_layout_type&quot;:&quot;scroll&quot;,&quot;jet_parallax_layout_direction&quot;:null,&quot;jet_parallax_layout_fx_direction&quot;:null,&quot;jet_parallax_layout_z_index&quot;:&quot;&quot;,&quot;jet_parallax_layout_bg_x&quot;:50,&quot;jet_parallax_layout_bg_x_tablet&quot;:&quot;&quot;,&quot;jet_parallax_layout_bg_x_mobile&quot;:&quot;&quot;,&quot;jet_parallax_layout_bg_y&quot;:50,&quot;jet_parallax_layout_bg_y_tablet&quot;:&quot;&quot;,&quot;jet_parallax_layout_bg_y_mobile&quot;:&quot;&quot;,&quot;jet_parallax_layout_bg_size&quot;:&quot;auto&quot;,&quot;jet_parallax_layout_bg_size_tablet&quot;:&quot;&quot;,&quot;jet_parallax_layout_bg_size_mobile&quot;:&quot;&quot;,&quot;jet_parallax_layout_animation_prop&quot;:&quot;transform&quot;,&quot;jet_parallax_layout_on&quot;:[&quot;desktop&quot;,&quot;tablet&quot;]}]}\">\n\t\t\t\t\t\t<div class=\"elementor-container elementor-column-gap-default\">\n\t\t\t\t\t<div class=\"elementor-column elementor-col-100 elementor-top-column elementor-element elementor-element-e3ee953\" data-id=\"e3ee953\" data-element_type=\"column\">\n\t\t\t<div class=\"elementor-widget-wrap elementor-element-populated\">\n\t\t\t\t\t\t<div class=\"elementor-element elementor-element-a675491 elementor-grid-3 elementor-grid-tablet-2 elementor-grid-mobile-1 elementor-posts--thumbnail-top elementor-widget elementor-widget-posts\" data-id=\"a675491\" data-element_type=\"widget\" data-settings=\"{&quot;pagination_type&quot;:&quot;numbers_and_prev_next&quot;,&quot;classic_columns&quot;:&quot;3&quot;,&quot;classic_columns_tablet&quot;:&quot;2&quot;,&quot;classic_columns_mobile&quot;:&quot;1&quot;,&quot;classic_row_gap&quot;:{&quot;unit&quot;:&quot;px&quot;,&quot;size&quot;:35,&quot;sizes&quot;:[]},&quot;classic_row_gap_tablet&quot;:{&quot;unit&quot;:&quot;px&quot;,&quot;size&quot;:&quot;&quot;,&quot;sizes&quot;:[]},&quot;classic_row_gap_mobile&quot;:{&quot;unit&quot;:&quot;px&quot;,&quot;size&quot;:&quot;&quot;,&quot;sizes&quot;:[]}}\" data-widget_type=\"posts.classic\">\n\t\t\t\t<div class=\"elementor-widget-container\">\n\t\t\t\t\t<div class=\"elementor-posts-container elementor-posts elementor-posts--skin-classic elementor-grid\">\n\t\t\t\t<article class=\"elementor-post elementor-grid-item post-2854 post type-post status-publish format-standard has-post-thumbnail hentry category-sem-categoria tag-47 tag-eventos\">\n\t\t\t\t<a class=\"elementor-post__thumbnail__link\" href=\"https:\/\/jf-alferce.pt\/?p=2854\" tabindex=\"-1\" >\n\t\t\t<div class=\"elementor-post__thumbnail\"><img fetchpriority=\"high\" decoding=\"async\" width=\"768\" height=\"1086\" src=\"https:\/\/jf-alferce.pt\/wp-content\/uploads\/2026\/04\/sessao-alimentacao-65-768x1086.png\" class=\"attachment-medium_large size-medium_large wp-image-2855\" alt=\"\" srcset=\"https:\/\/jf-alferce.pt\/wp-content\/uploads\/2026\/04\/sessao-alimentacao-65-768x1086.png 768w, https:\/\/jf-alferce.pt\/wp-content\/uploads\/2026\/04\/sessao-alimentacao-65-212x300.png 212w, https:\/\/jf-alferce.pt\/wp-content\/uploads\/2026\/04\/sessao-alimentacao-65-724x1024.png 724w, https:\/\/jf-alferce.pt\/wp-content\/uploads\/2026\/04\/sessao-alimentacao-65-1086x1536.png 1086w, https:\/\/jf-alferce.pt\/wp-content\/uploads\/2026\/04\/sessao-alimentacao-65.png 1414w\" sizes=\"(max-width: 768px) 100vw, 768px\" \/><\/div>\n\t\t<\/a>\n\t\t\t\t<div class=\"elementor-post__text\">\n\t\t\t\t<h3 class=\"elementor-post__title\">\n\t\t\t<a href=\"https:\/\/jf-alferce.pt\/?p=2854\" >\n\t\t\t\tSess\u00e3o de Esclarecimento Alimenta\u00e7\u00e3o +65\t\t\t<\/a>\n\t\t<\/h3>\n\t\t\t\t<div class=\"elementor-post__meta-data\">\n\t\t\t\t\t<span class=\"elementor-post-date\">\n\t\t\t29 de Abril, 2026\t\t<\/span>\n\t\t\t\t<\/div>\n\t\t\t\t<\/div>\n\t\t\t\t<\/article>\n\t\t\t\t<article class=\"elementor-post elementor-grid-item post-2831 post type-post status-publish format-standard has-post-thumbnail hentry category-destaques tag-47 tag-eventos\">\n\t\t\t\t<a class=\"elementor-post__thumbnail__link\" href=\"https:\/\/jf-alferce.pt\/?p=2831\" tabindex=\"-1\" >\n\t\t\t<div class=\"elementor-post__thumbnail\"><img decoding=\"async\" width=\"768\" height=\"1086\" src=\"https:\/\/jf-alferce.pt\/wp-content\/uploads\/2026\/04\/Cartaz-Unidade-Movel-5-Maio-2026-768x1086.jpg\" class=\"attachment-medium_large size-medium_large wp-image-2832\" alt=\"\" srcset=\"https:\/\/jf-alferce.pt\/wp-content\/uploads\/2026\/04\/Cartaz-Unidade-Movel-5-Maio-2026-768x1086.jpg 768w, https:\/\/jf-alferce.pt\/wp-content\/uploads\/2026\/04\/Cartaz-Unidade-Movel-5-Maio-2026-212x300.jpg 212w, https:\/\/jf-alferce.pt\/wp-content\/uploads\/2026\/04\/Cartaz-Unidade-Movel-5-Maio-2026-724x1024.jpg 724w, https:\/\/jf-alferce.pt\/wp-content\/uploads\/2026\/04\/Cartaz-Unidade-Movel-5-Maio-2026-1086x1536.jpg 1086w, https:\/\/jf-alferce.pt\/wp-content\/uploads\/2026\/04\/Cartaz-Unidade-Movel-5-Maio-2026.jpg 1241w\" sizes=\"(max-width: 768px) 100vw, 768px\" \/><\/div>\n\t\t<\/a>\n\t\t\t\t<div class=\"elementor-post__text\">\n\t\t\t\t<h3 class=\"elementor-post__title\">\n\t\t\t<a href=\"https:\/\/jf-alferce.pt\/?p=2831\" >\n\t\t\t\tUnidade M\u00f3vel de Sa\u00fade\t\t\t<\/a>\n\t\t<\/h3>\n\t\t\t\t<div class=\"elementor-post__meta-data\">\n\t\t\t\t\t<span class=\"elementor-post-date\">\n\t\t\t24 de Abril, 2026\t\t<\/span>\n\t\t\t\t<\/div>\n\t\t\t\t<\/div>\n\t\t\t\t<\/article>\n\t\t\t\t<article class=\"elementor-post elementor-grid-item post-2438 post type-post status-publish format-standard has-post-thumbnail hentry category-destaques tag-eventos\">\n\t\t\t\t<a class=\"elementor-post__thumbnail__link\" href=\"https:\/\/jf-alferce.pt\/?p=2438\" tabindex=\"-1\" >\n\t\t\t<div class=\"elementor-post__thumbnail\"><img decoding=\"async\" width=\"768\" height=\"1086\" src=\"https:\/\/jf-alferce.pt\/wp-content\/uploads\/2026\/04\/Passeio-Feira-Garvao_V1-768x1086.png\" class=\"attachment-medium_large size-medium_large wp-image-2439\" alt=\"\" srcset=\"https:\/\/jf-alferce.pt\/wp-content\/uploads\/2026\/04\/Passeio-Feira-Garvao_V1-768x1086.png 768w, https:\/\/jf-alferce.pt\/wp-content\/uploads\/2026\/04\/Passeio-Feira-Garvao_V1-212x300.png 212w, https:\/\/jf-alferce.pt\/wp-content\/uploads\/2026\/04\/Passeio-Feira-Garvao_V1-724x1024.png 724w, https:\/\/jf-alferce.pt\/wp-content\/uploads\/2026\/04\/Passeio-Feira-Garvao_V1-1086x1536.png 1086w, https:\/\/jf-alferce.pt\/wp-content\/uploads\/2026\/04\/Passeio-Feira-Garvao_V1.png 1414w\" sizes=\"(max-width: 768px) 100vw, 768px\" \/><\/div>\n\t\t<\/a>\n\t\t\t\t<div class=\"elementor-post__text\">\n\t\t\t\t<h3 class=\"elementor-post__title\">\n\t\t\t<a href=\"https:\/\/jf-alferce.pt\/?p=2438\" >\n\t\t\t\tPasseio \u00e0 Feira de Garv\u00e3o\t\t\t<\/a>\n\t\t<\/h3>\n\t\t\t\t<div class=\"elementor-post__meta-data\">\n\t\t\t\t\t<span class=\"elementor-post-date\">\n\t\t\t7 de Abril, 2026\t\t<\/span>\n\t\t\t\t<\/div>\n\t\t\t\t<\/div>\n\t\t\t\t<\/article>\n\t\t\t\t<article class=\"elementor-post elementor-grid-item post-2435 post type-post status-publish format-standard has-post-thumbnail hentry category-destaques tag-formacao\">\n\t\t\t\t<a class=\"elementor-post__thumbnail__link\" href=\"https:\/\/jf-alferce.pt\/?p=2435\" tabindex=\"-1\" >\n\t\t\t<div class=\"elementor-post__thumbnail\"><img loading=\"lazy\" decoding=\"async\" width=\"768\" height=\"1086\" src=\"https:\/\/jf-alferce.pt\/wp-content\/uploads\/2026\/04\/01.04-UFCD-6281-Fitofarmaceuticos_Cartaz_1-768x1086.png\" class=\"attachment-medium_large size-medium_large wp-image-2436\" alt=\"\" srcset=\"https:\/\/jf-alferce.pt\/wp-content\/uploads\/2026\/04\/01.04-UFCD-6281-Fitofarmaceuticos_Cartaz_1-768x1086.png 768w, https:\/\/jf-alferce.pt\/wp-content\/uploads\/2026\/04\/01.04-UFCD-6281-Fitofarmaceuticos_Cartaz_1-212x300.png 212w, https:\/\/jf-alferce.pt\/wp-content\/uploads\/2026\/04\/01.04-UFCD-6281-Fitofarmaceuticos_Cartaz_1-724x1024.png 724w, https:\/\/jf-alferce.pt\/wp-content\/uploads\/2026\/04\/01.04-UFCD-6281-Fitofarmaceuticos_Cartaz_1-1086x1536.png 1086w, https:\/\/jf-alferce.pt\/wp-content\/uploads\/2026\/04\/01.04-UFCD-6281-Fitofarmaceuticos_Cartaz_1.png 1414w\" sizes=\"(max-width: 768px) 100vw, 768px\" \/><\/div>\n\t\t<\/a>\n\t\t\t\t<div class=\"elementor-post__text\">\n\t\t\t\t<h3 class=\"elementor-post__title\">\n\t\t\t<a href=\"https:\/\/jf-alferce.pt\/?p=2435\" >\n\t\t\t\tForma\u00e7\u00e3o de Aplica\u00e7\u00e3o de Produtos Fitofarmac\u00eauticos\t\t\t<\/a>\n\t\t<\/h3>\n\t\t\t\t<div class=\"elementor-post__meta-data\">\n\t\t\t\t\t<span class=\"elementor-post-date\">\n\t\t\t2 de Abril, 2026\t\t<\/span>\n\t\t\t\t<\/div>\n\t\t\t\t<\/div>\n\t\t\t\t<\/article>\n\t\t\t\t<article class=\"elementor-post elementor-grid-item post-2422 post type-post status-publish format-standard has-post-thumbnail hentry category-destaques tag-47\">\n\t\t\t\t<a class=\"elementor-post__thumbnail__link\" href=\"https:\/\/jf-alferce.pt\/?p=2422\" tabindex=\"-1\" >\n\t\t\t<div class=\"elementor-post__thumbnail\"><img loading=\"lazy\" decoding=\"async\" width=\"768\" height=\"1086\" src=\"https:\/\/jf-alferce.pt\/wp-content\/uploads\/2026\/03\/Festa-do-Bolo-de-Tacho-2026_V1-768x1086.png\" class=\"attachment-medium_large size-medium_large wp-image-2424\" alt=\"\" srcset=\"https:\/\/jf-alferce.pt\/wp-content\/uploads\/2026\/03\/Festa-do-Bolo-de-Tacho-2026_V1-768x1086.png 768w, https:\/\/jf-alferce.pt\/wp-content\/uploads\/2026\/03\/Festa-do-Bolo-de-Tacho-2026_V1-212x300.png 212w, https:\/\/jf-alferce.pt\/wp-content\/uploads\/2026\/03\/Festa-do-Bolo-de-Tacho-2026_V1-724x1024.png 724w, https:\/\/jf-alferce.pt\/wp-content\/uploads\/2026\/03\/Festa-do-Bolo-de-Tacho-2026_V1-1086x1536.png 1086w, https:\/\/jf-alferce.pt\/wp-content\/uploads\/2026\/03\/Festa-do-Bolo-de-Tacho-2026_V1-1448x2048.png 1448w, https:\/\/jf-alferce.pt\/wp-content\/uploads\/2026\/03\/Festa-do-Bolo-de-Tacho-2026_V1.png 1587w\" sizes=\"(max-width: 768px) 100vw, 768px\" \/><\/div>\n\t\t<\/a>\n\t\t\t\t<div class=\"elementor-post__text\">\n\t\t\t\t<h3 class=\"elementor-post__title\">\n\t\t\t<a href=\"https:\/\/jf-alferce.pt\/?p=2422\" >\n\t\t\t\tFesta do Bolo de Tacho &#8211; 01 de Maio 2026\t\t\t<\/a>\n\t\t<\/h3>\n\t\t\t\t<div class=\"elementor-post__meta-data\">\n\t\t\t\t\t<span class=\"elementor-post-date\">\n\t\t\t9 de Mar\u00e7o, 2026\t\t<\/span>\n\t\t\t\t<\/div>\n\t\t\t\t<\/div>\n\t\t\t\t<\/article>\n\t\t\t\t<article class=\"elementor-post elementor-grid-item post-2419 post type-post status-publish format-standard has-post-thumbnail hentry category-destaques tag-47\">\n\t\t\t\t<a class=\"elementor-post__thumbnail__link\" href=\"https:\/\/jf-alferce.pt\/?p=2419\" tabindex=\"-1\" >\n\t\t\t<div class=\"elementor-post__thumbnail\"><img loading=\"lazy\" decoding=\"async\" width=\"768\" height=\"1086\" src=\"https:\/\/jf-alferce.pt\/wp-content\/uploads\/2026\/03\/Rota-das-Destilas-2026_Final_-Esgotado-768x1086.png\" class=\"attachment-medium_large size-medium_large wp-image-2420\" alt=\"\" srcset=\"https:\/\/jf-alferce.pt\/wp-content\/uploads\/2026\/03\/Rota-das-Destilas-2026_Final_-Esgotado-768x1086.png 768w, https:\/\/jf-alferce.pt\/wp-content\/uploads\/2026\/03\/Rota-das-Destilas-2026_Final_-Esgotado-212x300.png 212w, https:\/\/jf-alferce.pt\/wp-content\/uploads\/2026\/03\/Rota-das-Destilas-2026_Final_-Esgotado-724x1024.png 724w, https:\/\/jf-alferce.pt\/wp-content\/uploads\/2026\/03\/Rota-das-Destilas-2026_Final_-Esgotado-1086x1536.png 1086w, https:\/\/jf-alferce.pt\/wp-content\/uploads\/2026\/03\/Rota-das-Destilas-2026_Final_-Esgotado-1448x2048.png 1448w, https:\/\/jf-alferce.pt\/wp-content\/uploads\/2026\/03\/Rota-das-Destilas-2026_Final_-Esgotado.png 1587w\" sizes=\"(max-width: 768px) 100vw, 768px\" \/><\/div>\n\t\t<\/a>\n\t\t\t\t<div class=\"elementor-post__text\">\n\t\t\t\t<h3 class=\"elementor-post__title\">\n\t\t\t<a href=\"https:\/\/jf-alferce.pt\/?p=2419\" >\n\t\t\t\tRota das Destilas &#8211; 5\u00aa Edi\u00e7\u00e3o &#8211; ESGOTADO\t\t\t<\/a>\n\t\t<\/h3>\n\t\t\t\t<div class=\"elementor-post__meta-data\">\n\t\t\t\t\t<span class=\"elementor-post-date\">\n\t\t\t3 de Mar\u00e7o, 2026\t\t<\/span>\n\t\t\t\t<\/div>\n\t\t\t\t<\/div>\n\t\t\t\t<\/article>\n\t\t\t\t<article class=\"elementor-post elementor-grid-item post-2367 post type-post status-publish format-standard has-post-thumbnail hentry category-sem-categoria\">\n\t\t\t\t<a class=\"elementor-post__thumbnail__link\" href=\"https:\/\/jf-alferce.pt\/?p=2367\" tabindex=\"-1\" >\n\t\t\t<div class=\"elementor-post__thumbnail\"><img loading=\"lazy\" decoding=\"async\" width=\"768\" height=\"644\" src=\"https:\/\/jf-alferce.pt\/wp-content\/uploads\/2026\/01\/Carnaval-2026-768x644.png\" class=\"attachment-medium_large size-medium_large wp-image-2366\" alt=\"\" srcset=\"https:\/\/jf-alferce.pt\/wp-content\/uploads\/2026\/01\/Carnaval-2026-768x644.png 768w, https:\/\/jf-alferce.pt\/wp-content\/uploads\/2026\/01\/Carnaval-2026-300x251.png 300w, https:\/\/jf-alferce.pt\/wp-content\/uploads\/2026\/01\/Carnaval-2026.png 940w\" sizes=\"(max-width: 768px) 100vw, 768px\" \/><\/div>\n\t\t<\/a>\n\t\t\t\t<div class=\"elementor-post__text\">\n\t\t\t\t<h3 class=\"elementor-post__title\">\n\t\t\t<a href=\"https:\/\/jf-alferce.pt\/?p=2367\" >\n\t\t\t\tFeliz Dia de Carnaval\t\t\t<\/a>\n\t\t<\/h3>\n\t\t\t\t<div class=\"elementor-post__meta-data\">\n\t\t\t\t\t<span class=\"elementor-post-date\">\n\t\t\t17 de Fevereiro, 2026\t\t<\/span>\n\t\t\t\t<\/div>\n\t\t\t\t<\/div>\n\t\t\t\t<\/article>\n\t\t\t\t<article class=\"elementor-post elementor-grid-item post-2363 post type-post status-publish format-standard has-post-thumbnail hentry category-sem-categoria tag-tolerancia-de-ponto\">\n\t\t\t\t<a class=\"elementor-post__thumbnail__link\" href=\"https:\/\/jf-alferce.pt\/?p=2363\" tabindex=\"-1\" >\n\t\t\t<div class=\"elementor-post__thumbnail\"><img loading=\"lazy\" decoding=\"async\" width=\"768\" height=\"644\" src=\"https:\/\/jf-alferce.pt\/wp-content\/uploads\/2026\/01\/Tolerancia-de-Ponto-Carnaval-2026-768x644.png\" class=\"attachment-medium_large size-medium_large wp-image-2364\" alt=\"\" srcset=\"https:\/\/jf-alferce.pt\/wp-content\/uploads\/2026\/01\/Tolerancia-de-Ponto-Carnaval-2026-768x644.png 768w, https:\/\/jf-alferce.pt\/wp-content\/uploads\/2026\/01\/Tolerancia-de-Ponto-Carnaval-2026-300x251.png 300w, https:\/\/jf-alferce.pt\/wp-content\/uploads\/2026\/01\/Tolerancia-de-Ponto-Carnaval-2026.png 940w\" sizes=\"(max-width: 768px) 100vw, 768px\" \/><\/div>\n\t\t<\/a>\n\t\t\t\t<div class=\"elementor-post__text\">\n\t\t\t\t<h3 class=\"elementor-post__title\">\n\t\t\t<a href=\"https:\/\/jf-alferce.pt\/?p=2363\" >\n\t\t\t\tToler\u00e2ncia de Ponto &#8211; Carnaval &#8211; 2026\t\t\t<\/a>\n\t\t<\/h3>\n\t\t\t\t<div class=\"elementor-post__meta-data\">\n\t\t\t\t\t<span class=\"elementor-post-date\">\n\t\t\t10 de Fevereiro, 2026\t\t<\/span>\n\t\t\t\t<\/div>\n\t\t\t\t<\/div>\n\t\t\t\t<\/article>\n\t\t\t\t<article class=\"elementor-post elementor-grid-item post-2407 post type-post status-publish format-standard has-post-thumbnail hentry category-sem-categoria\">\n\t\t\t\t<a class=\"elementor-post__thumbnail__link\" href=\"https:\/\/jf-alferce.pt\/?p=2407\" tabindex=\"-1\" >\n\t\t\t<div class=\"elementor-post__thumbnail\"><img loading=\"lazy\" decoding=\"async\" width=\"768\" height=\"1086\" src=\"https:\/\/jf-alferce.pt\/wp-content\/uploads\/2026\/02\/Rota-das-Destilas-2026_Final-768x1086.png\" class=\"attachment-medium_large size-medium_large wp-image-2406\" alt=\"\" srcset=\"https:\/\/jf-alferce.pt\/wp-content\/uploads\/2026\/02\/Rota-das-Destilas-2026_Final-768x1086.png 768w, https:\/\/jf-alferce.pt\/wp-content\/uploads\/2026\/02\/Rota-das-Destilas-2026_Final-212x300.png 212w, https:\/\/jf-alferce.pt\/wp-content\/uploads\/2026\/02\/Rota-das-Destilas-2026_Final-724x1024.png 724w, https:\/\/jf-alferce.pt\/wp-content\/uploads\/2026\/02\/Rota-das-Destilas-2026_Final-1086x1536.png 1086w, https:\/\/jf-alferce.pt\/wp-content\/uploads\/2026\/02\/Rota-das-Destilas-2026_Final-1448x2048.png 1448w, https:\/\/jf-alferce.pt\/wp-content\/uploads\/2026\/02\/Rota-das-Destilas-2026_Final.png 1587w\" sizes=\"(max-width: 768px) 100vw, 768px\" \/><\/div>\n\t\t<\/a>\n\t\t\t\t<div class=\"elementor-post__text\">\n\t\t\t\t<h3 class=\"elementor-post__title\">\n\t\t\t<a href=\"https:\/\/jf-alferce.pt\/?p=2407\" >\n\t\t\t\tRota das Destilas &#8211; 5\u00aa Edi\u00e7\u00e3o &#8211; 2026\t\t\t<\/a>\n\t\t<\/h3>\n\t\t\t\t<div class=\"elementor-post__meta-data\">\n\t\t\t\t\t<span class=\"elementor-post-date\">\n\t\t\t10 de Fevereiro, 2026\t\t<\/span>\n\t\t\t\t<\/div>\n\t\t\t\t<\/div>\n\t\t\t\t<\/article>\n\t\t\t\t<article class=\"elementor-post elementor-grid-item post-2398 post type-post status-publish format-standard has-post-thumbnail hentry category-destaques tag-47\">\n\t\t\t\t<a class=\"elementor-post__thumbnail__link\" href=\"https:\/\/jf-alferce.pt\/?p=2398\" tabindex=\"-1\" >\n\t\t\t<div class=\"elementor-post__thumbnail\"><img loading=\"lazy\" decoding=\"async\" width=\"768\" height=\"1086\" src=\"https:\/\/jf-alferce.pt\/wp-content\/uploads\/2026\/02\/COMUNICADO-DE-IMPRENSA-SMPC-02_2026_page-0001-768x1086.jpg\" class=\"attachment-medium_large size-medium_large wp-image-2401\" alt=\"\" srcset=\"https:\/\/jf-alferce.pt\/wp-content\/uploads\/2026\/02\/COMUNICADO-DE-IMPRENSA-SMPC-02_2026_page-0001-768x1086.jpg 768w, https:\/\/jf-alferce.pt\/wp-content\/uploads\/2026\/02\/COMUNICADO-DE-IMPRENSA-SMPC-02_2026_page-0001-212x300.jpg 212w, https:\/\/jf-alferce.pt\/wp-content\/uploads\/2026\/02\/COMUNICADO-DE-IMPRENSA-SMPC-02_2026_page-0001-724x1024.jpg 724w, https:\/\/jf-alferce.pt\/wp-content\/uploads\/2026\/02\/COMUNICADO-DE-IMPRENSA-SMPC-02_2026_page-0001-1086x1536.jpg 1086w, https:\/\/jf-alferce.pt\/wp-content\/uploads\/2026\/02\/COMUNICADO-DE-IMPRENSA-SMPC-02_2026_page-0001.jpg 1241w\" sizes=\"(max-width: 768px) 100vw, 768px\" \/><\/div>\n\t\t<\/a>\n\t\t\t\t<div class=\"elementor-post__text\">\n\t\t\t\t<h3 class=\"elementor-post__title\">\n\t\t\t<a href=\"https:\/\/jf-alferce.pt\/?p=2398\" >\n\t\t\t\tPassadi\u00e7o do Barranco do Demo &#8211; Reaberto a partir de 09\/02\/2026\t\t\t<\/a>\n\t\t<\/h3>\n\t\t\t\t<div class=\"elementor-post__meta-data\">\n\t\t\t\t\t<span class=\"elementor-post-date\">\n\t\t\t8 de Fevereiro, 2026\t\t<\/span>\n\t\t\t\t<\/div>\n\t\t\t\t<\/div>\n\t\t\t\t<\/article>\n\t\t\t\t<article class=\"elementor-post elementor-grid-item post-2392 post type-post status-publish format-standard has-post-thumbnail hentry category-destaques tag-47\">\n\t\t\t\t<a class=\"elementor-post__thumbnail__link\" href=\"https:\/\/jf-alferce.pt\/?p=2392\" tabindex=\"-1\" >\n\t\t\t<div class=\"elementor-post__thumbnail\"><img loading=\"lazy\" decoding=\"async\" width=\"768\" height=\"543\" src=\"https:\/\/jf-alferce.pt\/wp-content\/uploads\/2026\/02\/Aviso-Passadico_PT-1-768x543.png\" class=\"attachment-medium_large size-medium_large wp-image-2396\" alt=\"\" srcset=\"https:\/\/jf-alferce.pt\/wp-content\/uploads\/2026\/02\/Aviso-Passadico_PT-1-768x543.png 768w, https:\/\/jf-alferce.pt\/wp-content\/uploads\/2026\/02\/Aviso-Passadico_PT-1-300x212.png 300w, https:\/\/jf-alferce.pt\/wp-content\/uploads\/2026\/02\/Aviso-Passadico_PT-1-1024x724.png 1024w, https:\/\/jf-alferce.pt\/wp-content\/uploads\/2026\/02\/Aviso-Passadico_PT-1-1536x1086.png 1536w, https:\/\/jf-alferce.pt\/wp-content\/uploads\/2026\/02\/Aviso-Passadico_PT-1.png 2000w\" sizes=\"(max-width: 768px) 100vw, 768px\" \/><\/div>\n\t\t<\/a>\n\t\t\t\t<div class=\"elementor-post__text\">\n\t\t\t\t<h3 class=\"elementor-post__title\">\n\t\t\t<a href=\"https:\/\/jf-alferce.pt\/?p=2392\" >\n\t\t\t\tPassadi\u00e7o do Barranco do Demo Temporariamente Interdito\t\t\t<\/a>\n\t\t<\/h3>\n\t\t\t\t<div class=\"elementor-post__meta-data\">\n\t\t\t\t\t<span class=\"elementor-post-date\">\n\t\t\t6 de Fevereiro, 2026\t\t<\/span>\n\t\t\t\t<\/div>\n\t\t\t\t<\/div>\n\t\t\t\t<\/article>\n\t\t\t\t<article class=\"elementor-post elementor-grid-item post-2389 post type-post status-publish format-standard has-post-thumbnail hentry category-destaques tag-47 tag-plano-municipal-de-emergencia-e-protecao-civil\">\n\t\t\t\t<a class=\"elementor-post__thumbnail__link\" href=\"https:\/\/jf-alferce.pt\/?p=2389\" tabindex=\"-1\" >\n\t\t\t<div class=\"elementor-post__thumbnail\"><img loading=\"lazy\" decoding=\"async\" width=\"768\" height=\"461\" src=\"https:\/\/jf-alferce.pt\/wp-content\/uploads\/2026\/02\/ativacao-plano-municipal-768x461.jpg\" class=\"attachment-medium_large size-medium_large wp-image-2390\" alt=\"\" srcset=\"https:\/\/jf-alferce.pt\/wp-content\/uploads\/2026\/02\/ativacao-plano-municipal-768x461.jpg 768w, https:\/\/jf-alferce.pt\/wp-content\/uploads\/2026\/02\/ativacao-plano-municipal-300x180.jpg 300w, https:\/\/jf-alferce.pt\/wp-content\/uploads\/2026\/02\/ativacao-plano-municipal-1024x615.jpg 1024w, https:\/\/jf-alferce.pt\/wp-content\/uploads\/2026\/02\/ativacao-plano-municipal.jpg 1179w\" sizes=\"(max-width: 768px) 100vw, 768px\" \/><\/div>\n\t\t<\/a>\n\t\t\t\t<div class=\"elementor-post__text\">\n\t\t\t\t<h3 class=\"elementor-post__title\">\n\t\t\t<a href=\"https:\/\/jf-alferce.pt\/?p=2389\" >\n\t\t\t\tMunic\u00edpio de Monchique ativou o Plano Municipal de Emerg\u00eancia de Prote\u00e7\u00e3o Civil\t\t\t<\/a>\n\t\t<\/h3>\n\t\t\t\t<div class=\"elementor-post__meta-data\">\n\t\t\t\t\t<span class=\"elementor-post-date\">\n\t\t\t5 de Fevereiro, 2026\t\t<\/span>\n\t\t\t\t<\/div>\n\t\t\t\t<\/div>\n\t\t\t\t<\/article>\n\t\t\t\t<\/div>\n\t\t\n\t\t\t\t<div class=\"e-load-more-anchor\" data-page=\"1\" data-max-page=\"4\" data-next-page=\"https:\/\/jf-alferce.pt\/index.php?rest_route=%2Fwp%2Fv2%2Fpages%2F458&#038;paged=2\"><\/div>\n\t\t\t\t<nav class=\"elementor-pagination\" aria-label=\"Pagination\">\n\t\t\t<span class=\"page-numbers prev\">&laquo; Anterior<\/span>\n<span aria-current=\"page\" class=\"page-numbers current\"><span class=\"elementor-screen-only\">P\u00e1gina<\/span>1<\/span>\n<a class=\"page-numbers\" href=\"https:\/\/jf-alferce.pt\/index.php\/?paged=2\"><span class=\"elementor-screen-only\">P\u00e1gina<\/span>2<\/a>\n<a class=\"page-numbers\" href=\"https:\/\/jf-alferce.pt\/index.php\/?paged=3\"><span class=\"elementor-screen-only\">P\u00e1gina<\/span>3<\/a>\n<a class=\"page-numbers\" href=\"https:\/\/jf-alferce.pt\/index.php\/?paged=4\"><span class=\"elementor-screen-only\">P\u00e1gina<\/span>4<\/a>\n<a class=\"page-numbers next\" href=\"https:\/\/jf-alferce.pt\/index.php?rest_route=%2Fwp%2Fv2%2Fpages%2F458&#038;paged=2\">Seguinte &raquo;<\/a>\t\t<\/nav>\n\t\t\t\t<\/div>\n\t\t\t\t<\/div>\n\t\t\t\t\t<\/div>\n\t\t<\/div>\n\t\t\t\t\t<\/div>\n\t\t<\/section>\n\t\t\t\t<\/div>\n\t\t","protected":false},"excerpt":{"rendered":"","protected":false},"author":1,"featured_media":0,"parent":0,"menu_order":0,"comment_status":"closed","ping_status":"closed","template":"","meta":{"footnotes":""},"class_list":["post-458","page","type-page","status-publish","hentry"],"_links":{"self":[{"href":"https:\/\/jf-alferce.pt\/index.php?rest_route=\/wp\/v2\/pages\/458","targetHints":{"allow":["GET"]}}],"collection":[{"href":"https:\/\/jf-alferce.pt\/index.php?rest_route=\/wp\/v2\/pages"}],"about":[{"href":"https:\/\/jf-alferce.pt\/index.php?rest_route=\/wp\/v2\/types\/page"}],"author":[{"embeddable":true,"href":"https:\/\/jf-alferce.pt\/index.php?rest_route=\/wp\/v2\/users\/1"}],"replies":[{"embeddable":true,"href":"https:\/\/jf-alferce.pt\/index.php?rest_route=%2Fwp%2Fv2%2Fcomments&post=458"}],"version-history":[{"count":5,"href":"https:\/\/jf-alferce.pt\/index.php?rest_route=\/wp\/v2\/pages\/458\/revisions"}],"predecessor-version":[{"id":1045,"href":"https:\/\/jf-alferce.pt\/index.php?rest_route=\/wp\/v2\/pages\/458\/revisions\/1045"}],"wp:attachment":[{"href":"https:\/\/jf-alferce.pt\/index.php?rest_route=%2Fwp%2Fv2%2Fmedia&parent=458"}],"curies":[{"name":"wp","href":"https:\/\/api.w.org\/{rel}","templated":true}]}}